{"id":2632,"date":"2020-03-22T03:45:02","date_gmt":"2020-03-22T03:45:02","guid":{"rendered":"https:\/\/juntatreintaytres.gub.uy\/?page_id=2632"},"modified":"2020-03-22T03:46:10","modified_gmt":"2020-03-22T03:46:10","slug":"partido-nacional","status":"publish","type":"page","link":"https:\/\/juntatreintaytres.gub.uy\/?page_id=2632","title":{"rendered":"Partido Nacional"},"content":{"rendered":"\n<div class=\"tmm tmm_partido-nacional\"><div class=\"tmm_3_columns tmm_wrap tmm_plugin_f\"><span class=\"tmm_two_containers_tablet\"><\/span><div class=\"tmm_container\"><div class=\"tmm_member\" style=\"border-top:#333333 solid 5px;\"><div class=\"tmm_photo tmm_pic_partido-nacional_0\" style=\"background: url(https:\/\/juntatreintaytres.gub.uy\/wp-content\/uploads\/Imagen_no_disponible.png); margin-left: auto; margin-right:auto; background-size:cover !important;\"><\/div><div class=\"tmm_textblock\"><div class=\"tmm_names\"><span class=\"tmm_fname\">Rodrigo<\/span> <span class=\"tmm_lname\">Bord\u00f3n<\/span><\/div><div class=\"tmm_job\">Lista 71<\/div><div class=\"tmm_desc\" style=\"text-align:\"><p><b>Coordinador de Bancada<br>SUPLENTES<br><\/b>Dardo \u00c1vila<br>Mireya Fleitas<br>Andr\u00e9s Olivera<\/p><\/div><div class=\"tmm_scblock\"><a class=\"tmm_sociallink\" href=\"mailto:partidonacional@juntatreintaytres.gub.uy\" title=\"partidonacional@juntatreintaytres.gub.uy\"><img decoding=\"async\" alt=\"partidonacional@juntatreintaytres.gub.uy\" src=\"https:\/\/juntatreintaytres.gub.uy\/wp-content\/plugins\/team-members\/inc\/img\/links\/email.png\"\/><\/a><\/div><\/div><\/div><div class=\"tmm_member\" style=\"border-top:#333333 solid 5px;\"><div class=\"tmm_photo tmm_pic_partido-nacional_1\" style=\"background: url(https:\/\/juntatreintaytres.gub.uy\/wp-content\/uploads\/Imagen_no_disponible.png); margin-left: auto; margin-right:auto; background-size:cover !important;\"><\/div><div class=\"tmm_textblock\"><div class=\"tmm_names\"><span class=\"tmm_fname\">Leonardo<\/span> <span class=\"tmm_lname\">Roda<\/span><\/div><div class=\"tmm_job\">Lista 71<\/div><div class=\"tmm_desc\" style=\"text-align:\"><p><b>SUPLENTES<br><\/b><\/p><\/div><div class=\"tmm_scblock\"><a class=\"tmm_sociallink\" href=\"mailto:partidonacional@juntatreintaytres.gub.uy\" title=\"partidonacional@juntatreintaytres.gub.uy\"><img decoding=\"async\" alt=\"partidonacional@juntatreintaytres.gub.uy\" src=\"https:\/\/juntatreintaytres.gub.uy\/wp-content\/plugins\/team-members\/inc\/img\/links\/email.png\"\/><\/a><\/div><\/div><\/div><span class=\"tmm_two_containers_tablet\"><\/span><div class=\"tmm_member\" style=\"border-top:#333333 solid 5px;\"><div class=\"tmm_photo tmm_pic_partido-nacional_2\" style=\"background: url(https:\/\/juntatreintaytres.gub.uy\/wp-content\/uploads\/Imagen_no_disponible.png); margin-left: auto; margin-right:auto; background-size:cover !important;\"><\/div><div class=\"tmm_textblock\"><div class=\"tmm_names\"><span class=\"tmm_fname\">Dionisia<\/span> <span class=\"tmm_lname\">Medeiro<\/span><\/div><div class=\"tmm_job\">Lista 71<\/div><div class=\"tmm_desc\" style=\"text-align:\"><p><b>SUPLENTES<br><\/b><\/p><p>Leonardo Hosta<\/p><\/div><div class=\"tmm_scblock\"><a class=\"tmm_sociallink\" href=\"mailto:partidonacional@juntatreintaytres.gub.uy\" title=\"partidonacional@juntatreintaytres.gub.uy\"><img decoding=\"async\" alt=\"partidonacional@juntatreintaytres.gub.uy\" src=\"https:\/\/juntatreintaytres.gub.uy\/wp-content\/plugins\/team-members\/inc\/img\/links\/email.png\"\/><\/a><\/div><\/div><\/div><\/div><span class=\"tmm_columns_containers_desktop\"><\/span><div class=\"tmm_container\"><div class=\"tmm_member\" style=\"border-top:#333333 solid 5px;\"><div class=\"tmm_photo tmm_pic_partido-nacional_3\" style=\"background: url(https:\/\/juntatreintaytres.gub.uy\/wp-content\/uploads\/Imagen_no_disponible.png); margin-left: auto; margin-right:auto; background-size:cover !important;\"><\/div><div class=\"tmm_textblock\"><div class=\"tmm_names\"><span class=\"tmm_fname\">Mariela<\/span> <span class=\"tmm_lname\">Diaz<\/span><\/div><div class=\"tmm_job\">Lista 71<\/div><div class=\"tmm_desc\" style=\"text-align:\"><p><b>SUPLENTES<br><\/b>Karina Caputi<br>Ermides Morales<\/p><\/div><div class=\"tmm_scblock\"><a class=\"tmm_sociallink\" href=\"mailto:partidonacional@juntatreintaytres.gub.uy\" title=\"partidonacional@juntatreintaytres.gub.uy\"><img decoding=\"async\" alt=\"partidonacional@juntatreintaytres.gub.uy\" src=\"https:\/\/juntatreintaytres.gub.uy\/wp-content\/plugins\/team-members\/inc\/img\/links\/email.png\"\/><\/a><\/div><\/div><\/div><span class=\"tmm_two_containers_tablet\"><\/span><div class=\"tmm_member\" style=\"border-top:#333333 solid 5px;\"><div class=\"tmm_photo tmm_pic_partido-nacional_4\" style=\"background: url(https:\/\/juntatreintaytres.gub.uy\/wp-content\/uploads\/Imagen_no_disponible.png); margin-left: auto; margin-right:auto; background-size:cover !important;\"><\/div><div class=\"tmm_textblock\"><div class=\"tmm_names\"><span class=\"tmm_fname\">Aparicio<\/span> <span class=\"tmm_lname\">Duarte<\/span><\/div><div class=\"tmm_job\">Lista 71<\/div><div class=\"tmm_desc\" style=\"text-align:\"><p><b>SUPLENTES<br><\/b>Mabel Machado<br>Fabian Echeto<br>Roberto Delgado<\/p><\/div><div class=\"tmm_scblock\"><a class=\"tmm_sociallink\" href=\"mailto:partidonacional@juntatreintaytres.gub.uy\" title=\"partidonacional@juntatreintaytres.gub.uy\"><img decoding=\"async\" alt=\"partidonacional@juntatreintaytres.gub.uy\" src=\"https:\/\/juntatreintaytres.gub.uy\/wp-content\/plugins\/team-members\/inc\/img\/links\/email.png\"\/><\/a><\/div><\/div><\/div><div class=\"tmm_member\" style=\"border-top:#333333 solid 5px;\"><div class=\"tmm_photo tmm_pic_partido-nacional_5\" style=\"background: url(https:\/\/juntatreintaytres.gub.uy\/wp-content\/uploads\/Imagen_no_disponible.png); margin-left: auto; margin-right:auto; background-size:cover !important;\"><\/div><div class=\"tmm_textblock\"><div class=\"tmm_names\"><span class=\"tmm_fname\">Matias<\/span> <span class=\"tmm_lname\">Silvera<\/span><\/div><div class=\"tmm_job\">Lista 71<\/div><div class=\"tmm_desc\" style=\"text-align:\"><p><b>SUPLENTES<br><\/b>Rosana Sosa<br>Juan Mart\u00edn Franco<br>Alan Medina<\/p><\/div><div class=\"tmm_scblock\"><a class=\"tmm_sociallink\" href=\"mailto:partidonacional@juntatreintaytres.gub.uy\" title=\"partidonacional@juntatreintaytres.gub.uy\"><img decoding=\"async\" alt=\"partidonacional@juntatreintaytres.gub.uy\" src=\"https:\/\/juntatreintaytres.gub.uy\/wp-content\/plugins\/team-members\/inc\/img\/links\/email.png\"\/><\/a><\/div><\/div><\/div><span class=\"tmm_two_containers_tablet\"><\/span><\/div><span class=\"tmm_columns_containers_desktop\"><\/span><div class=\"tmm_container\"><div class=\"tmm_member\" style=\"border-top:#333333 solid 5px;\"><div class=\"tmm_photo tmm_pic_partido-nacional_6\" style=\"background: url(https:\/\/juntatreintaytres.gub.uy\/wp-content\/uploads\/Imagen_no_disponible.png); margin-left: auto; margin-right:auto; background-size:cover !important;\"><\/div><div class=\"tmm_textblock\"><div class=\"tmm_names\"><span class=\"tmm_fname\">H\u00e9ctor<\/span> <span class=\"tmm_lname\">Sosa<\/span><\/div><div class=\"tmm_job\">Lista 71<\/div><div class=\"tmm_desc\" style=\"text-align:\"><p><b>SUPLENTES<br><\/b>Juan Mat\u00edas Pereira<br>Sabrina Trotto<\/p><\/div><div class=\"tmm_scblock\"><a class=\"tmm_sociallink\" href=\"mailto:partidonacional@juntatreintaytres.gub.uy\" title=\"partidonacional@juntatreintaytres.gub.uy\"><img decoding=\"async\" alt=\"partidonacional@juntatreintaytres.gub.uy\" src=\"https:\/\/juntatreintaytres.gub.uy\/wp-content\/plugins\/team-members\/inc\/img\/links\/email.png\"\/><\/a><\/div><\/div><\/div><div class=\"tmm_member\" style=\"border-top:#333333 solid 5px;\"><div class=\"tmm_photo tmm_pic_partido-nacional_7\" style=\"background: url(https:\/\/juntatreintaytres.gub.uy\/wp-content\/uploads\/Imagen_no_disponible.png); margin-left: auto; margin-right:auto; background-size:cover !important;\"><\/div><div class=\"tmm_textblock\"><div class=\"tmm_names\"><span class=\"tmm_fname\">Victor<\/span> <span class=\"tmm_lname\">Larronda<\/span><\/div><div class=\"tmm_job\">Lista 71<\/div><div class=\"tmm_desc\" style=\"text-align:\"><p><b>SUPLENTES<br><\/b>Manuel Ifr\u00e1n<br>\u00c9lida Jorda<br>Jos\u00e9 Da Silva<\/p><\/div><div class=\"tmm_scblock\"><a class=\"tmm_sociallink\" href=\"mailto:partidonacional@juntatreintaytres.gub.uy\" title=\"partidonacional@juntatreintaytres.gub.uy\"><img decoding=\"async\" alt=\"partidonacional@juntatreintaytres.gub.uy\" src=\"https:\/\/juntatreintaytres.gub.uy\/wp-content\/plugins\/team-members\/inc\/img\/links\/email.png\"\/><\/a><\/div><\/div><\/div><span class=\"tmm_two_containers_tablet\"><\/span><div class=\"tmm_member\" style=\"border-top:#333333 solid 5px;\"><div class=\"tmm_photo tmm_pic_partido-nacional_8\" style=\"background: url(https:\/\/juntatreintaytres.gub.uy\/wp-content\/uploads\/Imagen_no_disponible.png); margin-left: auto; margin-right:auto; background-size:cover !important;\"><\/div><div class=\"tmm_textblock\"><div class=\"tmm_names\"><span class=\"tmm_fname\">Claudia<\/span> <span class=\"tmm_lname\">Ortiz<\/span><\/div><div class=\"tmm_job\">Lista 44<\/div><div class=\"tmm_desc\" style=\"text-align:\"><p><b>SUPLENTES<br><\/b>Ricardo Ram\u00edrez<\/p><\/div><div class=\"tmm_scblock\"><a class=\"tmm_sociallink\" href=\"mailto:partidonacional@juntatreintaytres.gub.uy\" title=\"partidonacional@juntatreintaytres.gub.uy\"><img decoding=\"async\" alt=\"partidonacional@juntatreintaytres.gub.uy\" src=\"https:\/\/juntatreintaytres.gub.uy\/wp-content\/plugins\/team-members\/inc\/img\/links\/email.png\"\/><\/a><\/div><\/div><\/div><\/div><span class=\"tmm_columns_containers_desktop\"><\/span><div class=\"tmm_container\"><div class=\"tmm_member\" style=\"border-top:#333333 solid 5px;\"><div class=\"tmm_photo tmm_pic_partido-nacional_9\" style=\"background: url(https:\/\/juntatreintaytres.gub.uy\/wp-content\/uploads\/Imagen_no_disponible.png); margin-left: auto; margin-right:auto; background-size:cover !important;\"><\/div><div class=\"tmm_textblock\"><div class=\"tmm_names\"><span class=\"tmm_fname\">Santiago<\/span> <span class=\"tmm_lname\">Viera<\/span><\/div><div class=\"tmm_job\">Lista 31<\/div><div class=\"tmm_desc\" style=\"text-align:\"><p><b>SUPLENTES<\/b><\/p><\/div><div class=\"tmm_scblock\"><a class=\"tmm_sociallink\" href=\"mailto:partidonacional@juntatreintaytres.gub.uy\" title=\"partidonacional@juntatreintaytres.gub.uy\"><img decoding=\"async\" alt=\"partidonacional@juntatreintaytres.gub.uy\" src=\"https:\/\/juntatreintaytres.gub.uy\/wp-content\/plugins\/team-members\/inc\/img\/links\/email.png\"\/><\/a><\/div><\/div><\/div><span class=\"tmm_two_containers_tablet\"><\/span><div class=\"tmm_member\" style=\"border-top:#333333 solid 5px;\"><div class=\"tmm_photo tmm_pic_partido-nacional_10\" style=\"background: url(https:\/\/juntatreintaytres.gub.uy\/wp-content\/uploads\/Imagen_no_disponible.png); margin-left: auto; margin-right:auto; background-size:cover !important;\"><\/div><div class=\"tmm_textblock\"><div class=\"tmm_names\"><span class=\"tmm_fname\">Ricardo<\/span> <span class=\"tmm_lname\">Spagnolo<\/span><\/div><div class=\"tmm_job\">Lista 31<\/div><div class=\"tmm_desc\" style=\"text-align:\"><p><b>SUPLENTES<br><\/b>Marcela Falco<br>Pedro Sarli<\/p><\/div><div class=\"tmm_scblock\"><a class=\"tmm_sociallink\" href=\"mailto:partidonacional@juntatreintaytres.gub.uy\" title=\"partidonacional@juntatreintaytres.gub.uy\"><img decoding=\"async\" alt=\"partidonacional@juntatreintaytres.gub.uy\" src=\"https:\/\/juntatreintaytres.gub.uy\/wp-content\/plugins\/team-members\/inc\/img\/links\/email.png\"\/><\/a><\/div><\/div><\/div><div class=\"tmm_member\" style=\"border-top:#333333 solid 5px;\"><div class=\"tmm_photo tmm_pic_partido-nacional_11\" style=\"background: url(https:\/\/juntatreintaytres.gub.uy\/wp-content\/uploads\/Imagen_no_disponible.png); margin-left: auto; margin-right:auto; background-size:cover !important;\"><\/div><div class=\"tmm_textblock\"><div class=\"tmm_names\"><span class=\"tmm_fname\">Wilson<\/span> <span class=\"tmm_lname\">Ferreira<\/span><\/div><div class=\"tmm_job\">Lista 31<\/div><div class=\"tmm_desc\" style=\"text-align:\"><p><b>SUPLENTES<br><\/b>Laura Malt\u00e9s<br>Marcelo Berriel<\/p><\/div><div class=\"tmm_scblock\"><a class=\"tmm_sociallink\" href=\"mailto:partidonacional@juntatreintaytres.gub.uy\" title=\"partidonacional@juntatreintaytres.gub.uy\"><img decoding=\"async\" alt=\"partidonacional@juntatreintaytres.gub.uy\" src=\"https:\/\/juntatreintaytres.gub.uy\/wp-content\/plugins\/team-members\/inc\/img\/links\/email.png\"\/><\/a><\/div><\/div><\/div><span class=\"tmm_two_containers_tablet\"><\/span><\/div><span class=\"tmm_columns_containers_desktop\"><\/span><div class=\"tmm_container\"><div class=\"tmm_member\" style=\"border-top:#333333 solid 5px;\"><div class=\"tmm_photo tmm_pic_partido-nacional_12\" style=\"background: url(https:\/\/juntatreintaytres.gub.uy\/wp-content\/uploads\/Imagen_no_disponible.png); margin-left: auto; margin-right:auto; background-size:cover !important;\"><\/div><div class=\"tmm_textblock\"><div class=\"tmm_names\"><span class=\"tmm_fname\">M\u00f3nica<\/span> <span class=\"tmm_lname\">Cherre<\/span><\/div><div class=\"tmm_job\">Lista 31<\/div><div class=\"tmm_desc\" style=\"text-align:\"><p><b>SUPLENTES<br><\/b>Valent\u00edn Olivera<br>Mar\u00eda Bentancur<\/p><\/div><div class=\"tmm_scblock\"><a class=\"tmm_sociallink\" href=\"mailto:partidonacional@juntatreintaytres.gub.uy\" title=\"partidonacional@juntatreintaytres.gub.uy\"><img decoding=\"async\" alt=\"partidonacional@juntatreintaytres.gub.uy\" src=\"https:\/\/juntatreintaytres.gub.uy\/wp-content\/plugins\/team-members\/inc\/img\/links\/email.png\"\/><\/a><\/div><\/div><\/div><div class=\"tmm_member\" style=\"border-top:#333333 solid 5px;\"><div class=\"tmm_photo tmm_pic_partido-nacional_13\" style=\"background: url(https:\/\/juntatreintaytres.gub.uy\/wp-content\/uploads\/Imagen_no_disponible.png); margin-left: auto; margin-right:auto; background-size:cover !important;\"><\/div><div class=\"tmm_textblock\"><div class=\"tmm_names\"><span class=\"tmm_fname\">Nicol\u00e1s<\/span> <span class=\"tmm_lname\">Amaro<\/span><\/div><div class=\"tmm_job\">Lista 31<\/div><div class=\"tmm_desc\" style=\"text-align:\"><p><b>SUPLENTES<br><\/b>Carlos Olivera<\/p><\/div><div class=\"tmm_scblock\"><a class=\"tmm_sociallink\" href=\"mailto:partidonacional@juntatreintaytres.gub.uy\" title=\"partidonacional@juntatreintaytres.gub.uy\"><img decoding=\"async\" alt=\"partidonacional@juntatreintaytres.gub.uy\" src=\"https:\/\/juntatreintaytres.gub.uy\/wp-content\/plugins\/team-members\/inc\/img\/links\/email.png\"\/><\/a><\/div><\/div><\/div><span class=\"tmm_two_containers_tablet\"><\/span><div class=\"tmm_member\" style=\"border-top:#333333 solid 5px;\"><div class=\"tmm_photo tmm_pic_partido-nacional_14\" style=\"background: url(https:\/\/juntatreintaytres.gub.uy\/wp-content\/uploads\/Imagen_no_disponible.png); margin-left: auto; margin-right:auto; background-size:cover !important;\"><\/div><div class=\"tmm_textblock\"><div class=\"tmm_names\"><span class=\"tmm_fname\">Luisa<\/span> <span class=\"tmm_lname\">Rodriguez<\/span><\/div><div class=\"tmm_job\">Lista 97<\/div><div class=\"tmm_desc\" style=\"text-align:\"><p><b>SUPLENTES<br><\/b>Daniel Miraballes<br>Gladys Ituarte<\/p><\/div><div class=\"tmm_scblock\"><a class=\"tmm_sociallink\" href=\"mailto:partidonacional@juntatreintaytres.gub.uy\" title=\"partidonacional@juntatreintaytres.gub.uy\"><img decoding=\"async\" alt=\"partidonacional@juntatreintaytres.gub.uy\" src=\"https:\/\/juntatreintaytres.gub.uy\/wp-content\/plugins\/team-members\/inc\/img\/links\/email.png\"\/><\/a><\/div><\/div><\/div><\/div><span class=\"tmm_columns_containers_desktop\"><\/span><div class=\"tmm_container\"><div class=\"tmm_member\" style=\"border-top:#333333 solid 5px;\"><div class=\"tmm_photo tmm_pic_partido-nacional_15\" style=\"background: url(https:\/\/juntatreintaytres.gub.uy\/wp-content\/uploads\/Imagen_no_disponible.png); margin-left: auto; margin-right:auto; background-size:cover !important;\"><\/div><div class=\"tmm_textblock\"><div class=\"tmm_names\"><span class=\"tmm_fname\">Fernando<\/span> <span class=\"tmm_lname\">Cuello<\/span><\/div><div class=\"tmm_job\">Lista 33<\/div><div class=\"tmm_desc\" style=\"text-align:\"><p><b>SUPLENTES<br><\/b>Augusto Ramos<br>Patricia Pritsch<br>Nilson Alcarraz<\/p><\/div><div class=\"tmm_scblock\"><a class=\"tmm_sociallink\" href=\"mailto:partidonacional@juntatreintaytres.gub.uy\" title=\"partidonacional@juntatreintaytres.gub.uy\"><img decoding=\"async\" alt=\"partidonacional@juntatreintaytres.gub.uy\" src=\"https:\/\/juntatreintaytres.gub.uy\/wp-content\/plugins\/team-members\/inc\/img\/links\/email.png\"\/><\/a><\/div><\/div><\/div><span class=\"tmm_two_containers_tablet\"><\/span><div class=\"tmm_member\" style=\"border-top:#333333 solid 5px;\"><div class=\"tmm_photo tmm_pic_partido-nacional_16\" style=\"background: url(https:\/\/juntatreintaytres.gub.uy\/wp-content\/uploads\/Imagen_no_disponible.png); margin-left: auto; margin-right:auto; background-size:cover !important;\"><\/div><div class=\"tmm_textblock\"><div class=\"tmm_names\"><span class=\"tmm_fname\">H\u00e9ctor<\/span> <span class=\"tmm_lname\">Barrios<\/span><\/div><div class=\"tmm_job\">Lista 504<\/div><div class=\"tmm_desc\" style=\"text-align:\"><p><b>SUPLENTES<br><\/b>Jos\u00e9 Quint\u00edn Olano<br>Andrea Gomez<br>Aparicio Lauz<\/p><\/div><div class=\"tmm_scblock\"><a class=\"tmm_sociallink\" href=\"mailto:partidonacional@juntatreintaytres.gub.uy\" title=\"partidonacional@juntatreintaytres.gub.uy\"><img decoding=\"async\" alt=\"partidonacional@juntatreintaytres.gub.uy\" src=\"https:\/\/juntatreintaytres.gub.uy\/wp-content\/plugins\/team-members\/inc\/img\/links\/email.png\"\/><\/a><\/div><\/div><\/div><div class=\"tmm_member\" style=\"border-top:#333333 solid 5px;\"><div class=\"tmm_photo tmm_pic_partido-nacional_17\" style=\"background: url(https:\/\/juntatreintaytres.gub.uy\/wp-content\/uploads\/Imagen_no_disponible.png); margin-left: auto; margin-right:auto; background-size:cover !important;\"><\/div><div class=\"tmm_textblock\"><div class=\"tmm_names\"><span class=\"tmm_fname\">Pablo<\/span> <span class=\"tmm_lname\">Da Silva<\/span><\/div><div class=\"tmm_job\">Lista 8<\/div><div class=\"tmm_desc\" style=\"text-align:\"><p><b>SUPLENTES<br><\/b>Gilmar Amaro<br>Jenifer Oxley<br>Hugo Blanco<\/p><\/div><div class=\"tmm_scblock\"><a class=\"tmm_sociallink\" href=\"mailto:partidonacional@juntatreintaytres.gub.uy\" title=\"partidonacional@juntatreintaytres.gub.uy\"><img decoding=\"async\" alt=\"partidonacional@juntatreintaytres.gub.uy\" src=\"https:\/\/juntatreintaytres.gub.uy\/wp-content\/plugins\/team-members\/inc\/img\/links\/email.png\"\/><\/a><\/div><\/div><\/div><span class=\"tmm_two_containers_tablet\"><\/span><\/div><span class=\"tmm_columns_containers_desktop\"><\/span><div class=\"tmm_container\"><div class=\"tmm_member\" style=\"border-top:#333333 solid 5px;\"><div class=\"tmm_photo tmm_pic_partido-nacional_18\" style=\"background: url(https:\/\/juntatreintaytres.gub.uy\/wp-content\/uploads\/Imagen_no_disponible.png); margin-left: auto; margin-right:auto; background-size:cover !important;\"><\/div><div class=\"tmm_textblock\"><div class=\"tmm_names\"><span class=\"tmm_fname\">Alexandra<\/span> <span class=\"tmm_lname\">Machado<\/span><\/div><div class=\"tmm_job\">Lista 8<\/div><div class=\"tmm_desc\" style=\"text-align:\"><p><b>SUPLENTES<br><\/b>Jos\u00e9 G. Torres<br>Romina Ram\u00edrez<br>Walter Zabaleta<\/p><\/div><div class=\"tmm_scblock\"><a class=\"tmm_sociallink\" href=\"mailto:partidonacional@juntatreintaytres.gub.uy\" title=\"partidonacional@juntatreintaytres.gub.uy\"><img decoding=\"async\" alt=\"partidonacional@juntatreintaytres.gub.uy\" src=\"https:\/\/juntatreintaytres.gub.uy\/wp-content\/plugins\/team-members\/inc\/img\/links\/email.png\"\/><\/a><\/div><\/div><\/div><div class=\"tmm_member\" style=\"border-top:#333333 solid 5px;\"><div class=\"tmm_photo tmm_pic_partido-nacional_19\" style=\"background: url(https:\/\/juntatreintaytres.gub.uy\/wp-content\/uploads\/Imagen_no_disponible.png); margin-left: auto; margin-right:auto; background-size:cover !important;\"><\/div><div class=\"tmm_textblock\"><div class=\"tmm_names\"><span class=\"tmm_fname\">Ruben<\/span> <span class=\"tmm_lname\">Ferreira Chaves<\/span><\/div><div class=\"tmm_job\">Listas 8<\/div><div class=\"tmm_desc\" style=\"text-align:\"><p><b>SUPLENTES<br><\/b>Damaceno Almeida<br>Rossana Rold\u00e1n<\/p><\/div><div class=\"tmm_scblock\"><a class=\"tmm_sociallink\" href=\"mailto:partidonacional@juntatreintaytres.gub.uy\" title=\"partidonacional@juntatreintaytres.gub.uy\"><img decoding=\"async\" alt=\"partidonacional@juntatreintaytres.gub.uy\" src=\"https:\/\/juntatreintaytres.gub.uy\/wp-content\/plugins\/team-members\/inc\/img\/links\/email.png\"\/><\/a><\/div><\/div><\/div><span class=\"tmm_two_containers_tablet\"><\/span><div class=\"tmm_member\" style=\"border-top:#333333 solid 5px;\"><div class=\"tmm_photo tmm_pic_partido-nacional_20\" style=\"background: url(https:\/\/juntatreintaytres.gub.uy\/wp-content\/uploads\/Imagen_no_disponible.png); margin-left: auto; margin-right:auto; background-size:cover !important;\"><\/div><div class=\"tmm_textblock\"><div class=\"tmm_names\"><span class=\"tmm_fname\">Danilo<\/span> <span class=\"tmm_lname\">Brun<\/span><\/div><div class=\"tmm_job\">Lista 1726<\/div><div class=\"tmm_desc\" style=\"text-align:\"><p><b>SUPLENTES<br><\/b>Estela Aguiar<br>Mar\u00eda Jos\u00e9 Machado<\/p><\/div><div class=\"tmm_scblock\"><a class=\"tmm_sociallink\" href=\"mailto:partidonacional@juntatreintaytres.gub.uy\" title=\"partidonacional@juntatreintaytres.gub.uy\"><img decoding=\"async\" alt=\"partidonacional@juntatreintaytres.gub.uy\" src=\"https:\/\/juntatreintaytres.gub.uy\/wp-content\/plugins\/team-members\/inc\/img\/links\/email.png\"\/><\/a><\/div><\/div><\/div><\/div><span class=\"tmm_columns_containers_desktop\"><\/span><div class=\"tmm_container\"><div class=\"tmm_member\" style=\"border-top:#333333 solid 5px;\"><div class=\"tmm_photo tmm_pic_partido-nacional_21\" style=\"background: url(https:\/\/juntatreintaytres.gub.uy\/wp-content\/uploads\/Imagen_no_disponible.png); margin-left: auto; margin-right:auto; background-size:cover !important;\"><\/div><div class=\"tmm_textblock\"><div class=\"tmm_names\"><span class=\"tmm_fname\">Leopoldo<\/span> <span class=\"tmm_lname\">Kapek<\/span><\/div><div class=\"tmm_job\">Lista 1726<\/div><div class=\"tmm_desc\" style=\"text-align:\"><p><b>SUPLENTES<br><\/b>Gerardo Vergara<br>Agustina Segovia<\/p><\/div><div class=\"tmm_scblock\"><a class=\"tmm_sociallink\" href=\"mailto:partidonacional@juntatreintaytres.gub.uy\" title=\"partidonacional@juntatreintaytres.gub.uy\"><img decoding=\"async\" alt=\"partidonacional@juntatreintaytres.gub.uy\" src=\"https:\/\/juntatreintaytres.gub.uy\/wp-content\/plugins\/team-members\/inc\/img\/links\/email.png\"\/><\/a><\/div><\/div><\/div><span class=\"tmm_two_containers_tablet\"><\/span><div class=\"tmm_member\" style=\"border-top:#333333 solid 5px;\"><div class=\"tmm_photo tmm_pic_partido-nacional_22\" style=\"background: url(https:\/\/juntatreintaytres.gub.uy\/wp-content\/uploads\/Imagen_no_disponible.png); margin-left: auto; margin-right:auto; background-size:cover !important;\"><\/div><div class=\"tmm_textblock\"><div class=\"tmm_names\"><span class=\"tmm_fname\">Luis<\/span> <span class=\"tmm_lname\">Pereira<\/span><\/div><div class=\"tmm_job\">Lista 72<\/div><div class=\"tmm_desc\" style=\"text-align:\"><p><b>SUPLENTES<br><\/b>Natasha Gonz\u00e1lez<br>Miguel Angel Becerra<\/p><p>&nbsp;<\/p><\/div><div class=\"tmm_scblock\"><a class=\"tmm_sociallink\" href=\"mailto:partidonacional@juntatreintaytres.gub.uy\" title=\"partidonacional@juntatreintaytres.gub.uy\"><img decoding=\"async\" alt=\"partidonacional@juntatreintaytres.gub.uy\" src=\"https:\/\/juntatreintaytres.gub.uy\/wp-content\/plugins\/team-members\/inc\/img\/links\/email.png\"\/><\/a><\/div><\/div><\/div><div class=\"tmm_member\" style=\"border-top:#333333 solid 5px;\"><div class=\"tmm_photo tmm_pic_partido-nacional_23\" style=\"background: url(https:\/\/juntatreintaytres.gub.uy\/wp-content\/uploads\/Imagen_no_disponible.png); margin-left: auto; margin-right:auto; background-size:cover !important;\"><\/div><div class=\"tmm_textblock\"><div class=\"tmm_names\"><span class=\"tmm_fname\">Yoanna<\/span> <span class=\"tmm_lname\">Fort<\/span><\/div><div class=\"tmm_job\">Lista 400<\/div><div class=\"tmm_desc\" style=\"text-align:\"><p><b>SUPLENTES<br><\/b>Jorge Caraballo<br>John Medina<\/p><p>&nbsp;<\/p><\/div><div class=\"tmm_scblock\"><a class=\"tmm_sociallink\" href=\"mailto:partidonacional@juntatreintaytres.gub.uy\" title=\"partidonacional@juntatreintaytres.gub.uy\"><img decoding=\"async\" alt=\"partidonacional@juntatreintaytres.gub.uy\" src=\"https:\/\/juntatreintaytres.gub.uy\/wp-content\/plugins\/team-members\/inc\/img\/links\/email.png\"\/><\/a><\/div><\/div><\/div><span class=\"tmm_two_containers_tablet\"><\/span><\/div><span class=\"tmm_columns_containers_desktop\"><\/span><div class=\"tmm_container\"><div class=\"tmm_member\" style=\"border-top:#333333 solid 5px;\"><div class=\"tmm_photo tmm_pic_partido-nacional_24\" style=\"background: url(https:\/\/juntatreintaytres.gub.uy\/wp-content\/uploads\/Imagen_no_disponible.png); margin-left: auto; margin-right:auto; background-size:cover !important;\"><\/div><div class=\"tmm_textblock\"><div class=\"tmm_names\"><span class=\"tmm_fname\">Germ\u00e1n<\/span> <span class=\"tmm_lname\">D\u00edaz<\/span><\/div><div class=\"tmm_job\">Lista 400<\/div><div class=\"tmm_desc\" style=\"text-align:\"><p><b>SUPLENTES<br><\/b>Ana Correa<br>Leonardo Cuadrado<\/p><\/div><div class=\"tmm_scblock\"><a class=\"tmm_sociallink\" href=\"mailto:partidonacional@juntatreintaytres.gub.uy\" title=\"partidonacional@juntatreintaytres.gub.uy\"><img decoding=\"async\" alt=\"partidonacional@juntatreintaytres.gub.uy\" src=\"https:\/\/juntatreintaytres.gub.uy\/wp-content\/plugins\/team-members\/inc\/img\/links\/email.png\"\/><\/a><\/div><\/div><\/div><div style=\"clear:both;\"><\/div><\/div><\/div><\/div>\n","protected":false},"excerpt":{"rendered":"","protected":false},"author":2,"featured_media":0,"parent":0,"menu_order":0,"comment_status":"closed","ping_status":"closed","template":"","meta":{"_et_pb_use_builder":"","_et_pb_old_content":"","_et_gb_content_width":"","pgc_sgb_lightbox_settings":"","footnotes":""},"_links":{"self":[{"href":"https:\/\/juntatreintaytres.gub.uy\/index.php?rest_route=\/wp\/v2\/pages\/2632"}],"collection":[{"href":"https:\/\/juntatreintaytres.gub.uy\/index.php?rest_route=\/wp\/v2\/pages"}],"about":[{"href":"https:\/\/juntatreintaytres.gub.uy\/index.php?rest_route=\/wp\/v2\/types\/page"}],"author":[{"embeddable":true,"href":"https:\/\/juntatreintaytres.gub.uy\/index.php?rest_route=\/wp\/v2\/users\/2"}],"replies":[{"embeddable":true,"href":"https:\/\/juntatreintaytres.gub.uy\/index.php?rest_route=%2Fwp%2Fv2%2Fcomments&post=2632"}],"version-history":[{"count":0,"href":"https:\/\/juntatreintaytres.gub.uy\/index.php?rest_route=\/wp\/v2\/pages\/2632\/revisions"}],"wp:attachment":[{"href":"https:\/\/juntatreintaytres.gub.uy\/index.php?rest_route=%2Fwp%2Fv2%2Fmedia&parent=2632"}],"curies":[{"name":"wp","href":"https:\/\/api.w.org\/{rel}","templated":true}]}}