{"id":2665,"date":"2020-03-22T02:27:15","date_gmt":"2020-03-22T05:27:15","guid":{"rendered":"https:\/\/juntatreintaytres.gub.uy\/?page_id=2665"},"modified":"2026-04-15T22:02:02","modified_gmt":"2026-04-16T01:02:02","slug":"orden-del-dia","status":"publish","type":"page","link":"https:\/\/juntatreintaytres.gub.uy\/?page_id=2665","title":{"rendered":"Orden del d\u00eda"},"content":{"rendered":"\n<p class=\"has-text-align-right\"><strong>Treinta y Tres, 13 de abril de 2026<\/strong><\/p>\n\n\n\n<p><strong><em>\u00a0<\/em>Sr.\/a. Edil\/a.<\/strong><\/p>\n\n\n\n<p>Se convoca a Ud. para la SESI\u00d3N ORDINARIA a realizarse el d\u00eda 15 de abril de 2026, a partir de la hora 20.30, con 5 minutos de tolerancia, en la Sala de Sesiones de la Junta Departamental de Treinta y Tres.<\/p>\n\n\n\n<p class=\"has-text-align-center\"><strong><u>ORDEN DEL D\u00cdA<\/u><\/strong><\/p>\n\n\n\n<p><strong>APROBACI\u00d3N DE ACTAS \u2013 MEDIA HORA PREVIA \u2013 INFORMES DEL PRESIDENTE \u2013 OFICIOS CURSADOS \u2013 RESOLUCIONES POR LA MESA REFERENTE AL USO DEL VEH\u00cdCULO \u2013 ASUNTOS DE TRAMITE PREFERENCIAL \u2013 ASUNTOS INFORMADOS Y A CONSIDERAR \u2013 ASUNTOS ENTRADOS<\/strong><\/p>\n\n\n\n<p class=\"has-text-align-center\"><strong><u>MEDIA HORA PREVIA<\/u><\/strong><\/p>\n\n\n\n<p class=\"has-text-align-center\">1\u00ba) FABIANA ECHETO&nbsp;&nbsp;&nbsp;&nbsp;&nbsp;&nbsp;&nbsp;&nbsp;&nbsp;&nbsp; &nbsp;&nbsp;&nbsp;&nbsp;&nbsp; &nbsp;&nbsp;&nbsp;&nbsp;&nbsp; 4\u00b0) ROBERTO DELGADO<\/p>\n\n\n\n<p class=\"has-text-align-center\">2\u00b0) DIEGO BRUN&nbsp;&nbsp;&nbsp;&nbsp;&nbsp;&nbsp;&nbsp;&nbsp;&nbsp;&nbsp;&nbsp;&nbsp;&nbsp;&nbsp;&nbsp;&nbsp;&nbsp;&nbsp; &nbsp;&nbsp;&nbsp;&nbsp;&nbsp;&nbsp;&nbsp;&nbsp;&nbsp;&nbsp;&nbsp; 5\u00b0) CLAUDIA ORTIZ<\/p>\n\n\n\n<p class=\"has-text-align-center\">3\u00b0) MAR\u00cdA NELA GONZ\u00c1LEZ &nbsp;&nbsp;&nbsp;&nbsp;&nbsp;&nbsp;&nbsp;&nbsp;&nbsp;&nbsp;&nbsp; 6\u00b0) APARICIO DUARTE<\/p>\n\n\n\n<p class=\"has-text-align-center\"><strong><u>INFORMES DEL PRESIDENTE<\/u><\/strong><\/p>\n\n\n\n<p class=\"has-text-align-center\"><strong><u>OFICIOS CURSADOS<\/u><\/strong><\/p>\n\n\n\n<p class=\"has-text-align-center\"><strong><u>RESOLUCIONES POR LA MESA REFERENTE AL USO DEL VEH\u00cdCULO<\/u><\/strong><\/p>\n\n\n\n<p class=\"has-text-align-center\"><strong><u>ASUNTOS DE TR\u00c1MITE PREFERENCIAL<\/u><\/strong><\/p>\n\n\n\n<p>1\u00b0) SR. EDIL MAT\u00cdAS SILVERA ORTIZ SOLICITA LICENCIA POR EL D\u00cdA 24 DE MARZO DE 2026.<\/p>\n\n\n\n<p>R.<\/p>\n\n\n\n<p>2\u00b0) SR. EDIL MARCO SILVA SOLICITA LICENCIA DESDE EL 6 DE ABRIL AL 6 DE MAYO DE 2026.<\/p>\n\n\n\n<p>R.<\/p>\n\n\n\n<p>3\u00b0) SR. EDIL MARCOS ABUDE SOLICITA LICENCIA DESDE EL 16 DE ABRIL HASTA EL 5 DE MAYO DE 2026.-<\/p>\n\n\n\n<p>R.<\/p>\n\n\n\n<p class=\"has-text-align-center\"><strong><u>ASUNTOS INFORMADOS Y A CONSIDERAR<\/u><\/strong><\/p>\n\n\n\n<p>1\u00b0) INFORME COMISI\u00d3N DE HACIENDA Y PRESUPUESTO, REFERENTE A ANUENCIA PARA LA EXPROPIACI\u00d3N&nbsp; DEL INMUEBLE PADR\u00d3N N\u00b0 2992 DE LA PRIMERA SECCI\u00d3N CATASTRAL DE TREINTA Y TRES.-<\/p>\n\n\n\n<p>R.<\/p>\n\n\n\n<p>2\u00b0) INFORME COMISI\u00d3N FISCAL, REFERENTE AL DICTAMEN SOBRE LA RENDICI\u00d3N DE CUENTAS Y BALANCE DE EJECUCI\u00d3N PRESUPUESTAL DE LA JUNTA DEPARTAMENTAL DE TREINTA Y TRES, EJERCICIO 2023.-<\/p>\n\n\n\n<p>R.<\/p>\n\n\n\n<p>3\u00b0) INFORME COMISI\u00d3N DE HACIENDA Y PRESUPUESTO, REFERENTE A ANUENCIA PARA LA EXONERACI\u00d3N DE LA CONTRIBUCI\u00d3N INMOBILIARIA PARA TODOS LOS INMUEBLES DE LA COOPERATIVA DE CERRO CHATO (COVICECHA).-<\/p>\n\n\n\n<p>R.<\/p>\n\n\n\n<p>4\u00b0) INFORME COMISI\u00d3N DE HACIENDA Y PRESUPUESTO, REFERENTE A COMODATO A FAVOR DE LA EMPRESA LSTA SAS, RESPECTO DE LA FRACCI\u00d3N 3 DEL PADRON 10599 PARTE.-<\/p>\n\n\n\n<p>R.<\/p>\n\n\n\n<p>5\u00b0) INFORME COMISI\u00d3N DE LEGISLACI\u00d3N, REFERENTE A PROYECTO SOBRE SANGRADO DE YEGUAS.-<\/p>\n\n\n\n<p>R.<\/p>\n\n\n\n<p>6\u00b0) INFORME COMISI\u00d3N DE LEGISLACI\u00d3N, JUNTA DEPARTAMENTAL DE SALTO SOLICITA INFORMACI\u00d3N SOBRE NORMATIVAS VIGENTES DE INCAUTACI\u00d3N DE VEH\u00cdCULOS POR ESPIROMETR\u00cdAS POSITIVAS.-<\/p>\n\n\n\n<p>R.<\/p>\n\n\n\n<p>7\u00b0) INFORME COMISI\u00d3N DE LEGISLACI\u00d3N, AGENDA BINACIONAL URUGUAY-BRASIL SOLICITA A ESTA JUNTA DEPARTAMENTAL LA CREACION DE UNA COMISION ESPECIAL.-<\/p>\n\n\n\n<p>R.<\/p>\n\n\n\n<p>8\u00b0) INFORME COMISI\u00d3N DE ASUNTOS INTERNOS, ANUENCIA PARA DONAR A LA COOPERATIVA OLIMAR RECICLA, CONTENEDORES QUE NO SON APTOS PARA SU USO ORIGINAL.-<\/p>\n\n\n\n<p>R.<\/p>\n\n\n\n<p>9\u00b0) INFORME COMISI\u00d3N CULTURA Y DEPORTES, REFERENTE A PROYECTO PRESENTADO POR EL SR. NILSON ALCARRAZ, PARA REALIZAR UN FESTIVAL LLAMADO \u201cEL FOG\u00d3N DE LOS BARRIOS\u201d.-<\/p>\n\n\n\n<p>R.<\/p>\n\n\n\n<p>10\u00b0) INFORME COMISI\u00d3N CULTURA Y DEPORTES, REFERENTE A CONVOCAR A ESTUDIANTES DE ENSE\u00d1ANZA P\u00daBLICA, PRIVADA Y NO FORMAL A PARTICIPAR DE UN CONCURSO DE PINTURAS, A EFECTOS DE PINTAR EL MURO DE LA PARTE SUR DEL PARQUE COL\u00d3N, SOBRE AVENIDA BRASIL.-<\/p>\n\n\n\n<p>R.<\/p>\n\n\n\n<p>11\u00b0) INFORME COMISI\u00d3N DE OBRAS P\u00daBLICAS, ACONDICIONAMIENTO URBANO, VIALIDAD Y NOMENCLATOR, REFERENTE A LA COLOCACI\u00d3N DE UNA ESTATUA, EN LA PLAZA MANUEL ANTONIO LEDESMA \u201cANSINA\u201d, CON LA INSCRIPCI\u00d3N DE LOS 38 INTEGRANTES CA\u00cdDOS EN EL CUMPLIMIENTO DEL DEBER AL SERVICIO DE LAS NACIONES UNIDAS.-<\/p>\n\n\n\n<p>R.<\/p>\n\n\n\n<p>12\u00b0) INFORME COMISI\u00d3N DE OBRAS P\u00daBLICAS, ACONDICIONAMIENTO URBANO, VIALIDAD Y NOMENCLATOR, REFERENTE A DESIGNACI\u00d3N DE CALLES EN EL MUNICIPIO DE VILLA SARA.-<\/p>\n\n\n\n<p>R.<\/p>\n\n\n\n<p>13\u00b0) INFORME COMISI\u00d3N DE OBRAS P\u00daBLICAS, ACONDICIONAMIENTO URBANO, VIALIDAD Y NOMENCLATOR, REFERENTE A PROYECTO DECRETO \u201cREVISI\u00d3N DIRECTRICES DEPARTAMENTALES DE ORDENAMIENTO TERRITORIAL Y DESARROLLO SOSTENIBLE.<\/p>\n\n\n\n<p>R.<\/p>\n\n\n\n<p class=\"has-text-align-center\"><strong><u>ASUNTOS ENTRADOS<\/u><\/strong><\/p>\n\n\n\n<p>1\u00b0) SR. EDIL H\u00c9CTOR BARRIOS S\u00c1NCHEZ SOLICITA AL CUERPO, LA POSIBILIDAD DE QUE EL SR. GERM\u00c1N CHEBATAROFF SEA RECIBIDO EN EL PLENARIO O EN LA COMISI\u00d3N DONDE ESTA RADICADO EL PROYECTO SOBRE \u201cGRAN PARQUE DEL R\u00cdO OLIMAR\u201d.-<\/p>\n\n\n\n<p>R.<\/p>\n\n\n\n<p>2\u00b0) SRES. EDILES H\u00c9CTOR BARRIOS S\u00c1NCHEZ, ANDREA G\u00d3MEZ Y JOS\u00c9 OLANO, SOLICITAN INFORMES A LA INTENDENCIA DEPARTAMENTAL Y COPIA AL INSTITUTO NACIONAL DE BIENESTAR ANIMAL (INBA), REFERENTE AL PROBLEMA DE LOS \u201cPERROS CALLEJEROS\u201d O SIMILARES.-<\/p>\n\n\n\n<p>R.<\/p>\n\n\n\n<p>3\u00b0) VARIOS SRES. EDILES DEL PARTIDO NACIONAL, SOLICITAN AL CUERPO, LA DESIGNACI\u00d3N DE DOS EDILES, PARA INTEGRAR EL JURADO DE SELECCI\u00d3N PREMIOS \u201cTACURUSES\u201d, CONFORME A LO ESTABLECIDO EN EL DECRETO N\u00b0 2\/2017, ART\u00cdCULO 8 LITERAL D.-<\/p>\n\n\n\n<p>R.<\/p>\n\n\n\n<p>4\u00b0) SR. EDIL TORIBIO FERN\u00c1NDEZ, SOLICITA QUE SEA TRATADO EN LA COMISI\u00d3N DE OBRAS P\u00daBLICAS, ACONDICIONAMIENTO URBANO, VIALIDAD Y NOMENCLATOR, CON COPIA A LA INTENDENCIA DEPARTAMENTAL (DIRECCI\u00d3N DE TR\u00c1NSITO), REFERENTE&nbsp; AL PROYECTO \u201cPARQUE SALUDABLE\u201d.-<\/p>\n\n\n\n<p>R.<\/p>\n\n\n\n<p>5\u00b0) SRES. EDILES PATRICIA PRITSCH, M\u00d3NICA CHERRE, ESTELA AGUIAR, HUGO BLANCO, PABLO DA SILVA, LEONARDO CUADRADO Y TORIBIO FERN\u00c1NDEZ, SOLICITAN A LA INTENDENCIA DEPARTAMENTAL Y EL PASE A LA COMISI\u00d3N DE OBRAS P\u00daBLICAS, ACONDICIONAMIENTO URBANO, VIALIDAD Y NOMENCLATOR, REFERENTE A QUE SE EVALUE LA EVENTUAL COLOCACI\u00d3N DE SEM\u00c1FOROS EN LA INTERSECCI\u00d3N DE MANUEL MEL\u00c9NDEZ, WILSON ELSO GO\u00d1I, 21&nbsp; DE SETIEMBRE Y PRUDENCIO SALVARREY, EN LA CIUDAD DE TREINTA Y TRES.-<\/p>\n\n\n\n<p>R.<\/p>\n\n\n\n<p>6\u00b0) SRA. EDIL MAR\u00cdA NELA GONZ\u00c1LEZ SOLICITA A LA INTENDENCIA DEPARTAMENTAL, A LAS DIRECCIONES DE TR\u00c1NSITO Y OBRAS, POLIC\u00cdA CAMINERA, UNIDAD LOCAL DE SEGURIDAD VIAL (ULOSEV), Y A LOS REPRESENTANTES NACIONALES POR EL DEPARTAMENTO, REFERENTE AL USO INADEACUADO DE VEH\u00cdCULOS DE TODO PORTE QUE CIRCULAN POR RUTA 98.-<\/p>\n\n\n\n<p>R.<\/p>\n\n\n\n<p>7\u00b0) SRES. EDILES FERNANDO CUELLO, AUGUSTO RAMOS, PATRICIA PRITSCH Y NILSON ALCARRAZ SOLICITAN A LA INTENDENCIA DEPARTAMENTAL Y EL PASE A LA COMISI\u00d3N DE OBRAS P\u00daBLICAS, ACONDICIONAMIENTO URBANO, VIALIDAD Y NOMENCLATOR DE ESTA JUNTA, QUE SE DENOMINE LA TERMINAL DE \u00d3MNIBUS DE LA CIUDAD DE TREINTA Y TRES CON EL NOMBRE DE \u201cDR. DARDO S\u00c1NCHEZ CAL\u201d.-<\/p>\n\n\n\n<p>R.<\/p>\n\n\n\n<p>8\u00b0) SR. EDIL MARCOS ABUDE SOLICITA REITERACI\u00d3N DEL PEDIDO DE INFORMES AL INTENDENTE DEPARTAMENTAL DEL OFICIO N\u00b0 232\/2025, REFERENTE A INTERVENCI\u00d3N DE OBRAS DEL BARRIO ISAAC DE LE\u00d3N.-<\/p>\n\n\n\n<p>R.<\/p>\n\n\n\n<p>9\u00b0) SR. EDIL MARCOS ABUDE SOLICITA INFORMES A LA INTENDENCIA DEPARTAMENTAL Y AL MUNICIPIO DE CERRO CHATO.-<\/p>\n\n\n\n<p>R.<\/p>\n\n\n\n<p>10\u00b0) SRA. EDIL ELENA SEGOVIA SOLICITA INFORMES A LA INTENDENCIA DEPARTAMENTAL (DIRECCI\u00d3N DE RECURSOS HUMANOS), A LOS REPRESENTANTES NACIONALES POR EL DEPARTAMENTO, REFERENTE&nbsp; A UN LLAMADO PARA LA PROVISI\u00d3N DEL CARGO DE GERENTE DEL PLAN VALE.-<\/p>\n\n\n\n<p>R.<\/p>\n\n\n\n<p>11\u00b0) SR. EDIL TORIBIO FERN\u00c1NDEZ SOLICITA A LA INTENDENCIA DEPARTAMENTAL, A LOS REPRESENTANTES POR EL DEPARTAMENTO Y COPIA PARA CONOCIMIENTO AL MINISTERIO DE AMBIENTE, REFERENTE EN LA SITUACI\u00d3N QUE SE ENCUENTRA EL DESARMADERO SITUADO EN LAS CALLES PEDRO FERN\u00c1NDEZ IPUCHE Y FERN\u00c1N SILVA V\u00c1LDEZ.-<\/p>\n\n\n\n<p>R.<\/p>\n\n\n\n<p>12\u00b0) GOBIERNO DE TREINTA Y TRES, POR EXPEDIENTE N\u00b0 2025\/1\/3640, CONTESTA OFICIO N\u00b0 542\/2025, REFERENTE A LO QUE FUERA LA BOLETER\u00cdA DEL TEATRO DE VERANO DE NUESTRA CIUDAD.-<\/p>\n\n\n\n<p>R. Pase al se\u00f1or edil solicitante.-<\/p>\n\n\n\n<p>13\u00b0) GOBIERNO DE TREINTA Y TRES, POR EXPEDIENTE N\u00b0 2026\/1\/703, COMUNICA TRASPOSICI\u00d3N ENTRE OBJETOS DE GASTOS.-<\/p>\n\n\n\n<p>R. Pase a Comisi\u00f3n Fiscal.-<\/p>\n\n\n\n<p>14\u00b0) C\u00c1MARA DE REPRESENTANTES REMITE VERSI\u00d3N TAQUIGR\u00c1FICA DE PALABRAS PRONUNCIADAS POR EL REPRESENTANTE NACIONAL NINO MEDINA, REFERENTE A DESIGNACI\u00d3N DE OFICIALES DE POLIC\u00cdA EN EL DEPARTAMENTO DE TREINTA Y TRES.-<\/p>\n\n\n\n<p>R. Queda a disposici\u00f3n de los se\u00f1ores ediles.-<\/p>\n\n\n\n<p>15\u00b0) MINISTERIO DE AMBIENTE, NOTIFICA CERTIFICADO DE COMUNICACI\u00d3N DE PROYECTO CORRESPONDIENTE A PLANTACIONES FORESTALES 1875, 1877, 6951, 6952 Y 8854 DEL DEPARTAMENTO DE TREINTA Y TRES.-<\/p>\n\n\n\n<p>R. Queda a disposici\u00f3n de los se\u00f1ores ediles.-<\/p>\n\n\n\n<p>16\u00b0) GOBIERNO DE TREINTA Y TRES INVITA AL ACTO DE TRASLADO DE LOS RESTOS DEL H\u00c9ROE NACIONAL JUAN ROSAS HASTA EL MAUSOLEO EN EL MONUMENTO EN PLAZA 19 DE ABRIL, DESDE EL BATALL\u00d3N \u201cTREINTA Y TRES ORIENTALES\u201d DE INFANTER\u00cdA N\u00b0 10, EL 19 DE ABRIL DE 2026.-<\/p>\n\n\n\n<p>R. Quedan invitados los se\u00f1ores ediles.-<\/p>\n\n\n\n<p>17\u00b0) TRIBUNAL DE CUENTAS DE LA REP\u00daBLICA, REMITE OFICIO N\u00b0 809\/2026, REFERENTE A GASTOS EFECTUADOS EN LOS MESES DE JULIO A SETIEMBRE DE 2025 DE LA INTENDENCIA DEPARTAMENTAL.-<\/p>\n\n\n\n<p>R. Pase a Comisi\u00f3n Fiscal.-<\/p>\n\n\n\n<p><\/p>\n\n\n\n<p class=\"has-text-align-center\"><strong>Sr. Ram\u00f3n Da Silva Almenar<\/strong><\/p>\n\n\n\n<p class=\"has-text-align-center\"><strong>Secretario General<\/strong><\/p>\n","protected":false},"excerpt":{"rendered":"<p>Treinta y Tres, 13 de abril de 2026 \u00a0Sr.\/a. Edil\/a. Se convoca a Ud. para la SESI\u00d3N ORDINARIA a realizarse el d\u00eda 15 de abril de 2026, a partir de la hora 20.30, con 5 minutos de tolerancia, en la Sala de Sesiones de la Junta Departamental de Treinta y Tres. ORDEN DEL D\u00cdA APROBACI\u00d3N [&hellip;]<\/p>\n","protected":false},"author":2,"featured_media":0,"parent":0,"menu_order":0,"comment_status":"closed","ping_status":"closed","template":"","meta":{"_et_pb_use_builder":"off","_et_pb_old_content":"<!-- wp:paragraph -->\n<p><\/p>\n<!-- \/wp:paragraph -->\n\n<!-- wp:paragraph -->\n<p>Treinta&nbsp;y&nbsp;Tres,&nbsp;17 &nbsp; de julio&nbsp;de 2023<\/p>\n<!-- \/wp:paragraph -->\n\n<!-- wp:paragraph -->\n<p><em><\/em>Sr. \/a. Edil\/a.&nbsp;&nbsp;<\/p>\n<!-- \/wp:paragraph -->\n\n<!-- wp:paragraph -->\n<p>Se convoca&nbsp;a Ud. para la SESI\u00d3N ORDINARIA&nbsp;a realizarse el d\u00eda&nbsp;19 de julio&nbsp;de 2023,&nbsp;a&nbsp;partir de la hora 20.30,&nbsp;con 5&nbsp;minutos de tolerancia, en la Sala de Sesiones de la Junta&nbsp;Departamental de Treinta&nbsp;y&nbsp;Tres.<\/p>\n<!-- \/wp:paragraph -->\n\n<!-- wp:paragraph -->\n<p><strong>ORDEN DEL D\u00cdA<\/strong><\/p>\n<!-- \/wp:paragraph -->\n\n<!-- wp:paragraph -->\n<p><strong>MEDIA HORA PREVIA<\/strong><strong>&nbsp;<\/strong><strong>\u2013<\/strong><strong>&nbsp;<\/strong><strong>INFORMES DEL PRESIDENTE<\/strong><strong>&nbsp;\u2013<\/strong><strong>&nbsp;<\/strong><strong>OFICIOS CURSADOS<\/strong><strong>&nbsp;<\/strong><strong>\u2013<\/strong><strong>RESOLUCIONES POR LA MESA REFERENTE AL USO DEL VEH\u00cdCULO<\/strong><strong>&nbsp;<\/strong><strong>\u2013<\/strong><strong>&nbsp;ASUNTOS DE TRAMITE PREFERENCIAL<\/strong><strong>&nbsp;<\/strong><strong>\u2013<\/strong><strong>&nbsp;ASUNTOS INFORMADOS Y A CONSIDERAR<\/strong><strong>&nbsp;<\/strong><strong>\u2013<\/strong><strong>&nbsp;ASUNTOS ENTRADOS<\/strong>\u200b<\/p>\n<!-- \/wp:paragraph -->\n\n<!-- wp:paragraph -->\n<p><strong>M<\/strong><strong>EDIA HORA PREVIA<\/strong><\/p>\n<!-- \/wp:paragraph -->\n\n<!-- wp:paragraph -->\n<p>1\u00ba)&nbsp;MILTON SOSA\u200b\u200b\u200b4\u00b0) NICOL\u00c1S AMARO<\/p>\n<!-- \/wp:paragraph -->\n\n<!-- wp:paragraph -->\n<p>2\u00b0) JAQUELINE BARRETO\u200b\u200b5\u00b0) FERNANDO TECHERA<\/p>\n<!-- \/wp:paragraph -->\n\n<!-- wp:paragraph -->\n<p>3\u00b0) MAT\u00cdAS SILVERA\u200b\u200b6\u00b0) RUBEN FERREIRA&nbsp;CHAVEZ<\/p>\n<!-- \/wp:paragraph -->\n\n<!-- wp:paragraph -->\n<p><strong>INFORMES DEL PRESIDENTE<\/strong><\/p>\n<!-- \/wp:paragraph -->\n\n<!-- wp:paragraph -->\n<p><strong>OFICIOS CURSADOS<\/strong><\/p>\n<!-- \/wp:paragraph -->\n\n<!-- wp:paragraph -->\n<p><strong>RESOLUCIONES POR LA MESA REFERENTE AL USO DEL VEH\u00cdCULO<\/strong><\/p>\n<!-- \/wp:paragraph -->\n\n<!-- wp:paragraph -->\n<p><strong>ASUNTOS DE&nbsp;<\/strong><strong>TR\u00c1MITE PREFERENCIA<\/strong><strong>L<\/strong><\/p>\n<!-- \/wp:paragraph -->\n\n<!-- wp:paragraph -->\n<p>SRA. EDIL NORMA PALACIO SOLICITA LICENCIA DESDE EL D\u00cdA 5&nbsp;DE JULIO AL 31 DE AGOSTO DEL 2023 INCLUSIVE.-<\/p>\n<!-- \/wp:paragraph -->\n\n<!-- wp:paragraph -->\n<p>R.<\/p>\n<!-- \/wp:paragraph -->\n\n<!-- wp:paragraph -->\n<p><strong>A<\/strong><strong>SUNTOS ENTRADOS<\/strong><\/p>\n<!-- \/wp:paragraph -->\n\n<!-- wp:paragraph -->\n<p>1\u00b0)&nbsp;JUNTA DEPARTAMENTAL DE CERRO LARGO, REMITE PARA CONOCIMIENTO, EXPRESIONES VERTIDAS EN SALA POR EL SR. EDIL GENNER AMARAL, ANTE PREOCUPACI\u00d3N DE VECINOS DE PLACIDO ROSAS POR DIVERSOS EFLUENTES DE LA INDUSTRIA LOCAL QUE TERMINAN VERTIDOS EN EL R\u00cdO TACUAR\u00cd.-<\/p>\n<!-- \/wp:paragraph -->\n\n<!-- wp:paragraph -->\n<p>R_ Queda a disposici\u00f3n de los Sres. Ediles.-<\/p>\n<!-- \/wp:paragraph -->\n\n<!-- wp:paragraph -->\n<p>2\u00b0) JUNTA DEPARTAMENTAL DE LAVALLEJA REMITE PLANTEAMIENTO DEL SR. EDIL ERNESTO C\u00c9SAR, RESPECTO A SOLICITAR A LAS ASESOR\u00cdAS LETRADAS DE LAS 19 JUNTAS DEPARTAMENTALES, REFERENTE A QUE EL TCR SUSPENDA EL PLAZO CONSTITUCIONAL DE VEINTE D\u00cdAS, DEL QUE DISPONE PARA INFORMAR, RESPECTO DEL TRATAMIENTO DEL PROYECTO DEL PRESUPUESTO QUINQUENAL.-<\/p>\n<!-- \/wp:paragraph -->\n\n<!-- wp:paragraph -->\n<p>R_&nbsp;<\/p>\n<!-- \/wp:paragraph -->\n\n<!-- wp:paragraph -->\n<p>3\u00b0) BANCO DE PREVISI\u00d3N SOCIAL CONTESTA SOLICITUD DE INFORMACI\u00d3N EFECTUADA POR LA SRA. EDIL ISABEL LATORRE, EN RELACI\u00d3N A LOS BAREMOS QUE OTORGA BPS.-<\/p>\n<!-- \/wp:paragraph -->\n\n<!-- wp:paragraph -->\n<p>R_ Pase a la Edil solicitante.-<\/p>\n<!-- \/wp:paragraph -->\n\n<!-- wp:paragraph -->\n<p>4\u00b0) GOBIERNO DE TREINTA Y TRES, POR EXPEDIENTE N\u00b0 2351\/2022 Y OFICIO N\u00b0 106\/2023, CONTESTA SOLICITUD PRESENTADA POR LA SRA. EDIL ANA PALACIO, RESPECTO A VACIADO Y LLENADO CON BALASTO DE POZOS NEGROS EN BARRIOS SALA Y 19 DE ABRIL.-<\/p>\n<!-- \/wp:paragraph -->\n\n<!-- wp:paragraph -->\n<p>R_ Pasa a la Sra. Edil solicitante&nbsp;y vuelva a la Intendencia Departamental.-<\/p>\n<!-- \/wp:paragraph -->\n\n<!-- wp:paragraph -->\n<p>5\u00b0) SRES. EDILES PERTENECIENTES A LAS BANCADAS DEL PARTIDO NACIONAL Y FRENTE AMPLIO SOLICITAN SE TENGA EN CUENTA EN FUTUROS NOMBRAMIENTO DE CALLES DE NUESTRO DEPARTAMENTO, EL NOMBRE DE DOMINGO GUTI\u00c9RREZ SOSA.-<\/p>\n<!-- \/wp:paragraph -->\n\n<!-- wp:paragraph -->\n<p>R_ Pase a Comisi\u00f3n de Obras P\u00fablicas Acondicionamiento Urbano, Vialidad y&nbsp;Nomencl\u00e1tor.-<\/p>\n<!-- \/wp:paragraph -->\n\n<!-- wp:paragraph -->\n<p>6\u00b0) JUNTA DEPARTAMENTAL DE DROGAS INVITA AL SEMINARIO \u201cCANNABIS&nbsp;Y&nbsp;S\u00cdNTOMAS&nbsp;DE RIESGO DE&nbsp;PSICOSIS\u201d A REALIZARSE EL&nbsp;MI\u00c9RCOLES&nbsp;26 DE JULIO A LAS 20:00 HORAS, V\u00cdA ZOOM.-<\/p>\n<!-- \/wp:paragraph -->\n\n<!-- wp:paragraph -->\n<p>R_ Quedan&nbsp;invitados&nbsp;los Sres. Ediles&nbsp;e integrantes de la comisi\u00f3n departamental de Drogas de \u00e9ste Cuerpo.-<\/p>\n<!-- \/wp:paragraph -->\n\n<!-- wp:paragraph -->\n<p>7\u00b0) TRIBUNAL DE CUENTAS DE LA REP\u00daBLICA, REMITE RESOLUCI\u00d3N N\u00b0 1782\/2023, RELACIONADACON LA SANCI\u00d3N DE LA MODIFICACI\u00d3N PRESUPUESTAL, 2023-2025 DE LA JUNTA DEPARTAMENTAL DE TREINTA Y TRES.-<\/p>\n<!-- \/wp:paragraph -->\n\n<!-- wp:paragraph -->\n<p>R_ Queda a disposici\u00f3n de los Sres. Ediles.-<\/p>\n<!-- \/wp:paragraph -->\n\n<!-- wp:paragraph -->\n<p>8\u00b0) JUNTA DEPARTAMENTAL DE CANELONES,COMUNICA AUTORIDADES PARA EL CUARTO PER\u00cdODO DE LA XLIX LEGISLATURA DEPARTAMENTAL.-<\/p>\n<!-- \/wp:paragraph -->\n\n<!-- wp:paragraph -->\n<p>R_ Enterados, aug\u00farese \u00e9xitos.-<\/p>\n<!-- \/wp:paragraph -->\n\n<!-- wp:paragraph -->\n<p>9\u00b0) DINACEA ENV\u00cdA A LOS EFECTOS DE NOTIFICACI\u00d3N, CERTIFICADO DE CLASIFICACI\u00d3N DE PROYECTO, CORRESPONDIENTE A PLANTACIONES &nbsp;FORESTALES EN PADRONES 1027 Y 5312 DE NUESTRO DEPARTAMENTO.-<\/p>\n<!-- \/wp:paragraph -->\n\n<!-- wp:paragraph -->\n<p>R_ Pase a la Oficina de Ordenamiento Territorial de la Intendencia Departamental&nbsp;y luego de informado vuelva.-<\/p>\n<!-- \/wp:paragraph -->\n\n<!-- wp:paragraph -->\n<p>10\u00b0) &nbsp;ASOCIACI\u00d3N URUGUAYA DE CEREMONIAL Y PROTOCOLO, INVITAN A PARTICIPAR EN EL TERCER SIMPOSIO INTERNACIONAL DE CEREMONIAL Y PROTOCOLO QUE SE REALIZAR\u00c1 DEL 2 AL 3 DE AGOSTO EN EL SAL\u00d3N DE ACTOS DEL MINISTERIO DE RELACIONES EXTERIORES.-<\/p>\n<!-- \/wp:paragraph -->\n\n<!-- wp:paragraph -->\n<p>R_ Quedan invitados los Sres, Ediles.-<\/p>\n<!-- \/wp:paragraph -->\n\n<!-- wp:paragraph -->\n<p>11\u00b0) SR. EDIL FERNANDO TECHERA SOLICITA &nbsp;SE DERIVE A LA COMISI\u00d3N DE CULTURA Y DEPORTES DE ESTA JUNTA Y AL CNE, LA VERSI\u00d3N TAQUIGR\u00c1FICA, RELACIONADA AL SEMINARIO INTERNACIONAL SOBRE DESTINOS TUR\u00cdSTICOS INTELIGENTES, \u201cTURISMO 360\u00b0\u201d.-<\/p>\n<!-- \/wp:paragraph -->\n\n<!-- wp:paragraph -->\n<p>R_&nbsp;<\/p>\n<!-- \/wp:paragraph -->\n\n<!-- wp:paragraph -->\n<p>12\u00b0) SR. EDIL FERNANDO TECHERA SOLICITA A LA INTENDENCIA DEPARTAMENTAL CON ENV\u00cdO&nbsp;DE COPIA AL SR. WERTHER L\u00d3PEZ,&nbsp;COLOCACI\u00d3N DE JUEGOS INFANTILES Y&nbsp;APARATOS&nbsp;DE EJERCICIO PARA ADULTOS, EN PLAZA LOS MAESTROS.-<\/p>\n<!-- \/wp:paragraph -->\n\n<!-- wp:paragraph -->\n<p>R_<\/p>\n<!-- \/wp:paragraph -->\n\n<!-- wp:paragraph -->\n<p>13\u00b0) SR. EDIL FERNANDO TECHERA SOLICITA INFORMES A LA INTENDENCIA DEPARTAMENTAL, CON COPIA A LOS REPRESENTANTES NACIONALES POR NUESTRO DEPARTAMENTO, INFORME RESPECTO A SI EL EJECUTIVO&nbsp;DEPARTAMENTAL, TIENE PROYECTADOTRANSPORTE P\u00daBLICO PARA NUESTRA CIUDAD.-<\/p>\n<!-- \/wp:paragraph -->\n\n<!-- wp:paragraph -->\n<p>R_<\/p>\n<!-- \/wp:paragraph -->\n\n<!-- wp:paragraph -->\n<p>14\u00b0) SR. EDIL FERNANDO TECHERA SOLICITA INFORMES A LA INTENDENCIA DEPARTAMENTAL, &nbsp;Y AL MUNICIPIO DE&nbsp;GRAL.&nbsp;ENRIQUE MART\u00cdNEZ,&nbsp;CON COPIA&nbsp;A LOS REPRESENTANTES NACIONALES POR NUESTRO DEPARTAMENTO,&nbsp;RESPECTO AL FUNCIONAMIENTO DE LA BALSA \u201cEL PELUDO\u201d.-<\/p>\n<!-- \/wp:paragraph -->\n\n<!-- wp:paragraph -->\n<p>R_<\/p>\n<!-- \/wp:paragraph -->\n\n<!-- wp:paragraph -->\n<p>15\u00b0) SR. EDIL FERNANDO TECHERA SOLICITA INFORMES A LA DIRECCI\u00d3N DE TR\u00c1NSITO DE LA INTENDENCIA DEPARTAMENTAL Y AL MUNICIPIO DE&nbsp;GRAL.&nbsp;ENRIQUE MART\u00cdNEZ, CON COPIA A LOS REPRESENTANTES NACIONALES POR NUESTRO DEPARTAMENTO,&nbsp;RESPECTO A LA CIRCULACI\u00d3N DE UNA CAMIONETA PERTENECIENTES ALMUNICIPIO MENCIONADO, SIN EMPADRONAR Y CON MATRICULA DE OTRO VEH\u00cdCULO.-<\/p>\n<!-- \/wp:paragraph -->\n\n<!-- wp:paragraph -->\n<p>R_<\/p>\n<!-- \/wp:paragraph -->\n\n<!-- wp:paragraph -->\n<p>16\u00b0) SR. EDIL FERNANDO TECHERA ADJUNTA NOTA DE LA ASOCIACI\u00d3N DE JUBILADOS Y PENSIONISTAS DE TREINTA Y TRES, CON PROPUESTA DE&nbsp;ONAJPU, CON COPIA A LOS REPRESENTANTES NACIONALES POR NUESTRO DEPARTAMENTO.-<\/p>\n<!-- \/wp:paragraph -->\n\n<!-- wp:paragraph -->\n<p>R_<\/p>\n<!-- \/wp:paragraph -->\n\n<!-- wp:paragraph -->\n<p>17\u00b0) ONSC Y MIDES INVITAN A LA PRESENTACI\u00d3N DE LA \u201cGU\u00cdA PARA LA IMPLEMENTACI\u00d3N DE LA CUOTA LABORAL PARA&nbsp;AFRODESCENDIENTES&nbsp;EN EL \u00c1MBITO P\u00daBLICO\u201d&nbsp;A REALIZARSE EL 24 DE JULIO A LA HORA 10:30 EN LA SALA DE ACTOS DE PRESIDENCIA DE LA REP\u00daBLICA.-<\/p>\n<!-- \/wp:paragraph -->\n\n<!-- wp:paragraph -->\n<p>R_ Quedan invitados los Sres. Ediles.-<\/p>\n<!-- \/wp:paragraph -->\n\n<!-- wp:paragraph -->\n<p><strong>Sr. JOEL HOSTA SOSA<\/strong><\/p>\n<!-- \/wp:paragraph -->\n\n<!-- wp:paragraph -->\n<p><strong>Secretario&nbsp;<\/strong><strong>General<\/strong><\/p>\n<!-- \/wp:paragraph -->","_et_gb_content_width":"","pgc_sgb_lightbox_settings":"","footnotes":""},"_links":{"self":[{"href":"https:\/\/juntatreintaytres.gub.uy\/index.php?rest_route=\/wp\/v2\/pages\/2665"}],"collection":[{"href":"https:\/\/juntatreintaytres.gub.uy\/index.php?rest_route=\/wp\/v2\/pages"}],"about":[{"href":"https:\/\/juntatreintaytres.gub.uy\/index.php?rest_route=\/wp\/v2\/types\/page"}],"author":[{"embeddable":true,"href":"https:\/\/juntatreintaytres.gub.uy\/index.php?rest_route=\/wp\/v2\/users\/2"}],"replies":[{"embeddable":true,"href":"https:\/\/juntatreintaytres.gub.uy\/index.php?rest_route=%2Fwp%2Fv2%2Fcomments&post=2665"}],"version-history":[{"count":168,"href":"https:\/\/juntatreintaytres.gub.uy\/index.php?rest_route=\/wp\/v2\/pages\/2665\/revisions"}],"predecessor-version":[{"id":6895,"href":"https:\/\/juntatreintaytres.gub.uy\/index.php?rest_route=\/wp\/v2\/pages\/2665\/revisions\/6895"}],"wp:attachment":[{"href":"https:\/\/juntatreintaytres.gub.uy\/index.php?rest_route=%2Fwp%2Fv2%2Fmedia&parent=2665"}],"curies":[{"name":"wp","href":"https:\/\/api.w.org\/{rel}","templated":true}]}}